{"id":38,"date":"2020-04-08T13:41:31","date_gmt":"2020-04-08T13:41:31","guid":{"rendered":"https:\/\/www.wandelmalkusch.de\/?page_id=38"},"modified":"2022-02-19T11:17:48","modified_gmt":"2022-02-19T11:17:48","slug":"ueber-uns","status":"publish","type":"page","link":"https:\/\/www.wandelmalkusch.de\/index.php\/ueber-uns\/","title":{"rendered":"\u00dcber uns"},"content":{"rendered":"<p><img loading=\"lazy\" decoding=\"async\" class=\"alignnone size-full wp-image-194\" src=\"https:\/\/www.wandelmalkusch.de\/wp-content\/uploads\/2021\/12\/bild.jpg\" alt=\"\" width=\"600\" height=\"338\" srcset=\"https:\/\/www.wandelmalkusch.de\/wp-content\/uploads\/2021\/12\/bild.jpg 600w, https:\/\/www.wandelmalkusch.de\/wp-content\/uploads\/2021\/12\/bild-300x169.jpg 300w\" sizes=\"auto, (max-width: 600px) 100vw, 600px\" \/><\/p>\n<p>Wir haben im Juni 2002 in D\u00fcsseldorf geheiratet.<\/p>\n<p><strong>Cornelia Wandel<\/strong><\/p>\n<p>Ich bin am 21.06.1960 in Hagen geboren, in Breckerfeld aufgewachsen und 1979 nach D\u00fcsseldorf gezogen. Dort habe ich an der FH D\u00fcsseldorf Innenarchitektur studiert und als Studentin u. a. im Landschaftsarchitekturb\u00fcro Penker in Neuss gearbeitet. 1988 machte ich mein Diplom mit der Gesamtnote 1,4.<br \/>\nDanach war ich als Innenarchitektin in der Architekturabteilung von Esprit und im Architekturb\u00fcro StadtRaum im Bereich St\u00e4dtebau t\u00e4tig. Dann habe ich als Projektleiterin f\u00fcr HPP-Architekten in D\u00fcsseldorf und f\u00fcr weitere Architekturb\u00fcros gearbeitet. Zu sehen ist ein kleiner Teil meiner Zeichnungen, der bei meiner Arbeit in diversen Architekturb\u00fcros entstanden ist, aber auch im Rahmen des Malkreises \u201eDienstagsbilder\u201c, der 1992 von dem Maler Eberhard Schweigert in D\u00fcsseldorf gegr\u00fcndet wurde.<\/p>\n<p><strong>Wolfgang Malkusch<\/strong><\/p>\n<p>Ich bin am 12.08.1959 in Neuwied geboren. In Berlin habe ich Kunstgeschichte studiert. Im Anschluss daran habe ich an der Muthesius-Hochschule in Kiel Grafik-Design studiert und 1991 dort mein Diplom gemacht. Ich habe u. a. f\u00fcr die VWN-Werbeagentur in Kiel, sowie f\u00fcr das Mode-Label Czichi in Hamburg Pr\u00e4sentationszeichnungen erstellt. Au\u00dferdem war ich als In-House-Grafiker f\u00fcr ein gro\u00dfes Reiseunternehmen bei Neuwied t\u00e4tig. Aus dieser Zeit stammt eine kleine Auswahl von meinen Zeichnungen.<\/p>\n","protected":false},"excerpt":{"rendered":"<p>Wir haben im Juni 2002 in D\u00fcsseldorf geheiratet. Cornelia Wandel Ich bin am 21.06.1960 in Hagen geboren, in Breckerfeld aufgewachsen und 1979 nach D\u00fcsseldorf gezogen. Dort habe ich an der FH D\u00fcsseldorf Innenarchitektur studiert und als Studentin u. a. im Landschaftsarchitekturb\u00fcro Penker in Neuss gearbeitet. 1988 machte ich mein Diplom mit der Gesamtnote 1,4. Danach &hellip; <a href=\"https:\/\/www.wandelmalkusch.de\/index.php\/ueber-uns\/\" class=\"more-link\"><span class=\"screen-reader-text\">\u00dcber uns<\/span> weiterlesen<\/a><\/p>\n","protected":false},"author":1,"featured_media":0,"parent":0,"menu_order":0,"comment_status":"closed","ping_status":"closed","template":"","meta":{"ngg_post_thumbnail":0,"footnotes":""},"class_list":["post-38","page","type-page","status-publish","hentry"],"_links":{"self":[{"href":"https:\/\/www.wandelmalkusch.de\/index.php\/wp-json\/wp\/v2\/pages\/38","targetHints":{"allow":["GET"]}}],"collection":[{"href":"https:\/\/www.wandelmalkusch.de\/index.php\/wp-json\/wp\/v2\/pages"}],"about":[{"href":"https:\/\/www.wandelmalkusch.de\/index.php\/wp-json\/wp\/v2\/types\/page"}],"author":[{"embeddable":true,"href":"https:\/\/www.wandelmalkusch.de\/index.php\/wp-json\/wp\/v2\/users\/1"}],"replies":[{"embeddable":true,"href":"https:\/\/www.wandelmalkusch.de\/index.php\/wp-json\/wp\/v2\/comments?post=38"}],"version-history":[{"count":4,"href":"https:\/\/www.wandelmalkusch.de\/index.php\/wp-json\/wp\/v2\/pages\/38\/revisions"}],"predecessor-version":[{"id":202,"href":"https:\/\/www.wandelmalkusch.de\/index.php\/wp-json\/wp\/v2\/pages\/38\/revisions\/202"}],"wp:attachment":[{"href":"https:\/\/www.wandelmalkusch.de\/index.php\/wp-json\/wp\/v2\/media?parent=38"}],"curies":[{"name":"wp","href":"https:\/\/api.w.org\/{rel}","templated":true}]}}